{"id":21114,"date":"2024-12-15T14:49:25","date_gmt":"2024-12-15T13:49:25","guid":{"rendered":"https:\/\/puntimmobiliari.es\/accesibilidad\/"},"modified":"2025-04-02T12:55:46","modified_gmt":"2025-04-02T10:55:46","slug":"accessibilitat","status":"publish","type":"page","link":"https:\/\/puntimmobiliari.es\/ca\/accessibilitat\/","title":{"rendered":"Accessibilitat"},"content":{"rendered":"<h3 class=\"\" data-start=\"0\" data-end=\"33\">Declaraci\u00f3 d&#8217;Accessibilitat<\/h3>\n<p class=\"\" data-start=\"35\" data-end=\"262\">puntimmobiliari.es s\u2019ha comprom\u00e8s a fer accessible el seu lloc web complint el Nivell AA segons la Norma UNE 301549:2020 (WCAG 2.1), que al seu torn es basa en les Directrius d\u2019Accessibilitat per al Contingut Web 2.0 del W3C.<\/p>\n<p class=\"\" data-start=\"264\" data-end=\"384\">Aquesta declaraci\u00f3 d\u2019accessibilitat s\u2019aplica al lloc web <strong data-start=\"321\" data-end=\"381\"><a class=\"\" href=\"https:\/\/puntimmobiliari.es\/ca\/\" target=\"_new\" rel=\"noopener\" data-start=\"323\" data-end=\"379\">https:\/\/puntimmobiliari.es<\/a><\/strong>.<\/p>\n<p class=\"\" data-start=\"386\" data-end=\"539\">Per aquestes raons, en el lloc web s\u2019han adoptat una s\u00e8rie de mesures amb l\u2019objectiu de garantir l\u2019accessibilitat dels continguts, amb la finalitat de:<\/p>\n<ul data-start=\"541\" data-end=\"789\">\n<li class=\"\" data-start=\"541\" data-end=\"632\">\n<p class=\"\" data-start=\"543\" data-end=\"632\">Facilitar l\u2019acc\u00e9s als usuaris independentment de les seves capacitats o del seu entorn.<\/p>\n<\/li>\n<li class=\"\" data-start=\"633\" data-end=\"684\">\n<p class=\"\" data-start=\"635\" data-end=\"684\">Permetre l\u2019acc\u00e9s amb diferents agents d\u2019usuari.<\/p>\n<\/li>\n<li class=\"\" data-start=\"685\" data-end=\"734\">\n<p class=\"\" data-start=\"687\" data-end=\"734\">Incloure continguts clars i ben estructurats.<\/p>\n<\/li>\n<li class=\"\" data-start=\"735\" data-end=\"789\">\n<p class=\"\" data-start=\"737\" data-end=\"789\">Millorar la navegaci\u00f3 i l\u2019experi\u00e8ncia de l\u2019usuari.<\/p>\n<\/li>\n<\/ul>\n<h3 class=\"\" data-start=\"791\" data-end=\"814\">Mesures adoptades<\/h3>\n<p class=\"\" data-start=\"816\" data-end=\"853\">S\u2019han adoptat les mesures seg\u00fcents:<\/p>\n<ul data-start=\"855\" data-end=\"2376\">\n<li class=\"\" data-start=\"855\" data-end=\"1180\">\n<p class=\"\" data-start=\"857\" data-end=\"1180\"><strong data-start=\"857\" data-end=\"898\">Separaci\u00f3 de contingut i presentaci\u00f3:<\/strong> \u00das de fulls d\u2019estil (CSS) per a la presentaci\u00f3 de la informaci\u00f3 i de codi HTML per a la seva correcta estructuraci\u00f3. La maquetaci\u00f3 s\u2019adapta correctament als agents d\u2019usuari m\u00e9s estesos i la mida de les fonts s\u2019ha definit en mesures relatives per permetre el seu redimensionament.<\/p>\n<\/li>\n<li class=\"\" data-start=\"1182\" data-end=\"1366\">\n<p class=\"\" data-start=\"1184\" data-end=\"1366\"><strong data-start=\"1184\" data-end=\"1223\">Alternativa a elements no textuals:<\/strong> Per a qualsevol element no textual s\u2019han incl\u00f2s les alternatives necess\u00e0ries de manera que cap usuari trobi barreres d\u2019acc\u00e9s als continguts.<\/p>\n<\/li>\n<li class=\"\" data-start=\"1368\" data-end=\"1615\">\n<p class=\"\" data-start=\"1370\" data-end=\"1615\"><strong data-start=\"1370\" data-end=\"1407\">Mecanismes de navegaci\u00f3 adequats:<\/strong> Els enlla\u00e7os ofereixen detalls sobre la funci\u00f3 o destinaci\u00f3 de l\u2019hipervincle. Es proporcionen mecanismes d\u2019interacci\u00f3 que faciliten a l\u2019usuari la localitzaci\u00f3 d\u2019informaci\u00f3 i l\u2019orientaci\u00f3 a trav\u00e9s del lloc.<\/p>\n<\/li>\n<li class=\"\" data-start=\"1617\" data-end=\"1909\">\n<p class=\"\" data-start=\"1619\" data-end=\"1909\"><strong data-start=\"1619\" data-end=\"1651\">\u00das correcte dels est\u00e0ndards:<\/strong> Els documents del web s\u2019han constru\u00eft basant-se en les especificacions del W3C, l\u2019organisme que marca els est\u00e0ndards internacionals que s\u2019han d\u2019utilitzar a la web. Els documents s\u00f3n v\u00e0lids i ofereixen el marcatge adequat per a cada tipologia de contingut.<\/p>\n<\/li>\n<li class=\"\" data-start=\"1911\" data-end=\"2140\">\n<p class=\"\" data-start=\"1913\" data-end=\"2140\"><strong data-start=\"1913\" data-end=\"1937\">Objectes programats:<\/strong> No s\u2019utilitzen objectes programats per presentar la informaci\u00f3 ni per oferir funcionalitats importants. Aix\u00f2 permet navegar pel lloc independentment de les tecnologies disponibles en l\u2019agent d\u2019usuari.<\/p>\n<\/li>\n<li class=\"\" data-start=\"2142\" data-end=\"2376\">\n<p class=\"\" data-start=\"2144\" data-end=\"2376\"><strong data-start=\"2144\" data-end=\"2173\">Accessibilitat dels PDFs:<\/strong> Alguns PDFs publicats al nostre web no disposen d\u2019una estructura accessible per motius t\u00e8cnics. En tal cas, i si es necessita, es pot escriure a la nostra secci\u00f3 de contacte i sol\u00b7licitar el document.<\/p>\n<\/li>\n<\/ul>\n<h3 class=\"\" data-start=\"2378\" data-end=\"2392\">Contacte<\/h3>\n<p class=\"\" data-start=\"2394\" data-end=\"2579\">Qualsevol queixa, consulta o suggeriment de millora sobre l\u2019accessibilitat del web es podr\u00e0 canalitzar a trav\u00e9s de qualsevol dels mitjans disponibles en la secci\u00f3 de contacte del web.<\/p>\n<hr class=\"\" data-start=\"2581\" data-end=\"2584\" \/>\n<h3 class=\"\" data-start=\"2586\" data-end=\"2614\">Situaci\u00f3 de compliment<\/h3>\n<p class=\"\" data-start=\"2616\" data-end=\"2789\">Aquest lloc web \u00e9s parcialment conforme amb el <strong data-start=\"2663\" data-end=\"2707\">Reial decret 1112\/2018, de 7 de setembre<\/strong>, a causa de la manca de conformitat dels aspectes que s\u2019indiquen a continuaci\u00f3.<\/p>\n<h3 class=\"\" data-start=\"2791\" data-end=\"2820\">Contingut no accessible<\/h3>\n<p class=\"\" data-start=\"2822\" data-end=\"2906\">El contingut que es detalla a continuaci\u00f3 no \u00e9s accessible per les raons seg\u00fcents:<\/p>\n<ul data-start=\"2908\" data-end=\"3862\">\n<li class=\"\" data-start=\"2908\" data-end=\"3257\">\n<p class=\"\" data-start=\"2910\" data-end=\"3257\"><strong data-start=\"2910\" data-end=\"2952\">Degut a l\u2019\u00fas d\u2019un gestor de continguts<\/strong> que no pot garantir que els diferents usuaris que editen els continguts compleixin totes les normes d\u2019accessibilitat, no es pot assegurar que tots els continguts siguin conformes amb les WCAG 2.1. En qualsevol cas, tenim el comprom\u00eds de solucionar aquests possibles problemes que ens siguin notificats.<\/p>\n<\/li>\n<li class=\"\" data-start=\"3259\" data-end=\"3314\">\n<p class=\"\" data-start=\"3261\" data-end=\"3314\"><strong data-start=\"3261\" data-end=\"3290\">C\u00e0rrega desproporcionada:<\/strong> No resulta aplicable.<\/p>\n<\/li>\n<li class=\"\" data-start=\"3316\" data-end=\"3862\">\n<p class=\"\" data-start=\"3318\" data-end=\"3389\"><strong data-start=\"3318\" data-end=\"3387\">El contingut no entra dins de l\u2019\u00e0mbit de la legislaci\u00f3 aplicable:<\/strong><\/p>\n<ul data-start=\"3392\" data-end=\"3862\">\n<li class=\"\" data-start=\"3392\" data-end=\"3579\">\n<p class=\"\" data-start=\"3394\" data-end=\"3579\">Fitxers ofim\u00e0tics en PDF o altres formats, aix\u00ed com aplicacions publicades abans del 20 de setembre de 2018 que no compleixin en la seva totalitat tots els requisits d\u2019accessibilitat.<\/p>\n<\/li>\n<li class=\"\" data-start=\"3582\" data-end=\"3619\">\n<p class=\"\" data-start=\"3584\" data-end=\"3619\">Continguts multim\u00e8dia en directe.<\/p>\n<\/li>\n<li class=\"\" data-start=\"3622\" data-end=\"3730\">\n<p class=\"\" data-start=\"3624\" data-end=\"3730\">Contingut multim\u00e8dia pregravat de base temporal o publicat abans de l\u2019entrada en vigor del Reial decret.<\/p>\n<\/li>\n<li class=\"\" data-start=\"3733\" data-end=\"3776\">\n<p class=\"\" data-start=\"3735\" data-end=\"3776\">Serveis de mapa i cartografia en l\u00ednia.<\/p>\n<\/li>\n<li class=\"\" data-start=\"3779\" data-end=\"3862\">\n<p class=\"\" data-start=\"3781\" data-end=\"3862\">Continguts de tercers no finan\u00e7ats ni desenvolupats per <strong data-start=\"3837\" data-end=\"3859\">puntimmobiliari.es<\/strong>.<\/p>\n<\/li>\n<\/ul>\n<\/li>\n<\/ul>\n<hr class=\"\" data-start=\"3864\" data-end=\"3867\" \/>\n<h3 class=\"\" data-start=\"3869\" data-end=\"3927\">Preparaci\u00f3 de la present declaraci\u00f3 d\u2019accessibilitat<\/h3>\n<p class=\"\" data-start=\"3929\" data-end=\"3996\">Aquesta declaraci\u00f3 va ser preparada el <strong data-start=\"3968\" data-end=\"3993\">1 de desembre de 2024<\/strong>.<\/p>\n<p class=\"\" data-start=\"3998\" data-end=\"4319\">El m\u00e8tode emprat per preparar la declaraci\u00f3 ha estat mitjan\u00e7ant <strong data-start=\"4062\" data-end=\"4083\">una autoavaluaci\u00f3<\/strong> del lloc web per part de <strong data-start=\"4109\" data-end=\"4131\">puntimmobiliari.es<\/strong> i t\u00e8cnics del departament de desenvolupament web a trav\u00e9s d\u2019an\u00e0lisis manuals de l\u2019accessibilitat, complementats per diferents eines semiautom\u00e0tiques, agents d\u2019usuari i ajudes t\u00e8cniques.<\/p>\n<hr class=\"\" data-start=\"4321\" data-end=\"4324\" \/>\n<h3 class=\"\" data-start=\"4326\" data-end=\"4364\">Observacions i dades de contacte<\/h3>\n<p class=\"\" data-start=\"4366\" data-end=\"4518\">Es poden realitzar comunicacions sobre <strong data-start=\"4405\" data-end=\"4435\">requisits d\u2019accessibilitat<\/strong> (article 10.2.a) del Reial decret 1112\/2018, de 7 de setembre), com per exemple:<\/p>\n<ul data-start=\"4520\" data-end=\"4759\">\n<li class=\"\" data-start=\"4520\" data-end=\"4598\">\n<p class=\"\" data-start=\"4522\" data-end=\"4598\">Informar sobre qualsevol possible incompliment per part d\u2019aquest lloc web.<\/p>\n<\/li>\n<li class=\"\" data-start=\"4599\" data-end=\"4654\">\n<p class=\"\" data-start=\"4601\" data-end=\"4654\">Transmetre altres dificultats d\u2019acc\u00e9s al contingut.<\/p>\n<\/li>\n<li class=\"\" data-start=\"4655\" data-end=\"4759\">\n<p class=\"\" data-start=\"4657\" data-end=\"4759\">Formular qualsevol altra consulta o suggeriment de millora relativa a l\u2019accessibilitat del lloc web.<\/p>\n<\/li>\n<\/ul>\n<p class=\"\" data-start=\"4761\" data-end=\"4793\">A trav\u00e9s de les vies seg\u00fcents:<\/p>\n<ul data-start=\"4795\" data-end=\"5013\">\n<li class=\"\" data-start=\"4795\" data-end=\"4897\">\n<p class=\"\" data-start=\"4797\" data-end=\"4897\">A trav\u00e9s del <strong data-start=\"4810\" data-end=\"4839\">formulari de suggeriments<\/strong> que <strong data-start=\"4844\" data-end=\"4866\">puntimmobiliari.es<\/strong> posa a la vostra disposici\u00f3.<\/p>\n<\/li>\n<li class=\"\" data-start=\"4898\" data-end=\"4948\">\n<p class=\"\" data-start=\"4900\" data-end=\"4948\"><strong data-start=\"4900\" data-end=\"4922\">Correu electr\u00f2nic:<\/strong> <a rel=\"noopener\" data-start=\"4923\" data-end=\"4946\">info@puntimmobiliari.es<\/a><\/p>\n<\/li>\n<li class=\"\" data-start=\"4949\" data-end=\"5013\">\n<p class=\"\" data-start=\"4951\" data-end=\"5013\"><strong data-start=\"4951\" data-end=\"4984\">Presencialment a les oficines<\/strong> de <strong data-start=\"4988\" data-end=\"5010\">puntimmobiliari.es<\/strong>.<\/p>\n<\/li>\n<\/ul>\n<p class=\"\" data-start=\"5015\" data-end=\"5218\">Les comunicacions seran rebudes i tractades per la <strong data-start=\"5066\" data-end=\"5135\">Unitat responsable d\u2019accessibilitat del web de puntimmobiliari.es<\/strong>, com a unitat responsable de l\u2019accessibilitat dels continguts d\u2019aquest lloc web.<\/p>\n<hr class=\"\" data-start=\"5220\" data-end=\"5223\" \/>\n<h3 class=\"\" data-start=\"5225\" data-end=\"5277\">Sol\u00b7licituds d\u2019informaci\u00f3 accessible i queixes<\/h3>\n<p class=\"\" data-start=\"5279\" data-end=\"5363\">Les sol\u00b7licituds d\u2019informaci\u00f3 accessible i queixes es poden presentar a trav\u00e9s de:<\/p>\n<ul data-start=\"5365\" data-end=\"5505\" data-is-last-node=\"\" data-is-only-node=\"\">\n<li class=\"\" data-start=\"5365\" data-end=\"5454\">\n<p class=\"\" data-start=\"5367\" data-end=\"5454\"><strong data-start=\"5367\" data-end=\"5396\">Formulari de suggeriments<\/strong> que <strong data-start=\"5401\" data-end=\"5423\">puntimmobiliari.es<\/strong> posa a la vostra disposici\u00f3.<\/p>\n<\/li>\n<li class=\"\" data-start=\"5455\" data-end=\"5505\">\n<p class=\"\" data-start=\"5457\" data-end=\"5505\"><strong data-start=\"5457\" data-end=\"5479\">Correu electr\u00f2nic:<\/strong> <a rel=\"noopener\" data-start=\"5480\" data-end=\"5503\">info@puntimmobiliari.es<\/a><\/p>\n<\/li>\n<\/ul>\n","protected":false},"excerpt":{"rendered":"<p>Declaraci\u00f3 d&#8217;Accessibilitat puntimmobiliari.es s\u2019ha comprom\u00e8s a fer accessible el seu&hellip; <a class=\"continue\" href=\"https:\/\/puntimmobiliari.es\/ca\/accessibilitat\/\">Continuar<span> Accessibilitat<\/span><\/a><\/p>\n","protected":false},"author":1,"featured_media":0,"parent":0,"menu_order":0,"comment_status":"closed","ping_status":"closed","template":"100-width.php","meta":{"footnotes":""},"class_list":["post-21114","page","type-page","status-publish","hentry"],"acf":[],"yoast_head":"<!-- This site is optimized with the Yoast SEO plugin v24.7 - https:\/\/yoast.com\/wordpress\/plugins\/seo\/ -->\n<title>Accessibilitat: Garantint l&#039;Acc\u00e9s Universal<\/title>\n<meta name=\"description\" content=\"Descobriu com la nostra plataforma promou l&#039;accessibilitat per a tothom. Coneix les mesures implementades per assegurar que cada usuari.\" \/>\n<meta name=\"robots\" content=\"index, follow, max-snippet:-1, max-image-preview:large, max-video-preview:-1\" \/>\n<link rel=\"canonical\" href=\"https:\/\/puntimmobiliari.es\/ca\/accessibilitat\/\" \/>\n<meta property=\"og:locale\" content=\"ca_ES\" \/>\n<meta property=\"og:type\" content=\"article\" \/>\n<meta property=\"og:title\" content=\"Accessibilitat: Garantint l&#039;Acc\u00e9s Universal\" \/>\n<meta property=\"og:description\" content=\"Descobriu com la nostra plataforma promou l&#039;accessibilitat per a tothom. Coneix les mesures implementades per assegurar que cada usuari.\" \/>\n<meta property=\"og:url\" content=\"https:\/\/puntimmobiliari.es\/ca\/accessibilitat\/\" \/>\n<meta property=\"og:site_name\" content=\"Jose Manuel Chafer Descals\" \/>\n<meta property=\"article:modified_time\" content=\"2025-04-02T10:55:46+00:00\" \/>\n<meta name=\"twitter:card\" content=\"summary_large_image\" \/>\n<meta name=\"twitter:label1\" content=\"Temps estimat de lectura\" \/>\n\t<meta name=\"twitter:data1\" content=\"4 minuts\" \/>\n<!-- \/ Yoast SEO plugin. -->","yoast_head_json":{"title":"Accessibilitat: Garantint l'Acc\u00e9s Universal","description":"Descobriu com la nostra plataforma promou l'accessibilitat per a tothom. Coneix les mesures implementades per assegurar que cada usuari.","robots":{"index":"index","follow":"follow","max-snippet":"max-snippet:-1","max-image-preview":"max-image-preview:large","max-video-preview":"max-video-preview:-1"},"canonical":"https:\/\/puntimmobiliari.es\/ca\/accessibilitat\/","og_locale":"ca_ES","og_type":"article","og_title":"Accessibilitat: Garantint l'Acc\u00e9s Universal","og_description":"Descobriu com la nostra plataforma promou l'accessibilitat per a tothom. Coneix les mesures implementades per assegurar que cada usuari.","og_url":"https:\/\/puntimmobiliari.es\/ca\/accessibilitat\/","og_site_name":"Jose Manuel Chafer Descals","article_modified_time":"2025-04-02T10:55:46+00:00","twitter_card":"summary_large_image","twitter_misc":{"Temps estimat de lectura":"4 minuts"},"schema":{"@context":"https:\/\/schema.org","@graph":[{"@type":"WebPage","@id":"https:\/\/puntimmobiliari.es\/ca\/accessibilitat\/","url":"https:\/\/puntimmobiliari.es\/ca\/accessibilitat\/","name":"Accessibilitat: Garantint l'Acc\u00e9s Universal","isPartOf":{"@id":"https:\/\/puntimmobiliari.es\/#website"},"datePublished":"2024-12-15T13:49:25+00:00","dateModified":"2025-04-02T10:55:46+00:00","description":"Descobriu com la nostra plataforma promou l'accessibilitat per a tothom. Coneix les mesures implementades per assegurar que cada usuari.","breadcrumb":{"@id":"https:\/\/puntimmobiliari.es\/ca\/accessibilitat\/#breadcrumb"},"inLanguage":"ca","potentialAction":[{"@type":"ReadAction","target":["https:\/\/puntimmobiliari.es\/ca\/accessibilitat\/"]}]},{"@type":"BreadcrumbList","@id":"https:\/\/puntimmobiliari.es\/ca\/accessibilitat\/#breadcrumb","itemListElement":[{"@type":"ListItem","position":1,"name":"Portada","item":"https:\/\/puntimmobiliari.es\/ca\/"},{"@type":"ListItem","position":2,"name":"Accessibilitat"}]},{"@type":"WebSite","@id":"https:\/\/puntimmobiliari.es\/#website","url":"https:\/\/puntimmobiliari.es\/","name":"Jose Manuel Chafer Descals","description":"Inmobiliaria Xativa","potentialAction":[{"@type":"SearchAction","target":{"@type":"EntryPoint","urlTemplate":"https:\/\/puntimmobiliari.es\/?s={search_term_string}"},"query-input":{"@type":"PropertyValueSpecification","valueRequired":true,"valueName":"search_term_string"}}],"inLanguage":"ca"}]}},"_links":{"self":[{"href":"https:\/\/puntimmobiliari.es\/ca\/wp-json\/wp\/v2\/pages\/21114","targetHints":{"allow":["GET"]}}],"collection":[{"href":"https:\/\/puntimmobiliari.es\/ca\/wp-json\/wp\/v2\/pages"}],"about":[{"href":"https:\/\/puntimmobiliari.es\/ca\/wp-json\/wp\/v2\/types\/page"}],"author":[{"embeddable":true,"href":"https:\/\/puntimmobiliari.es\/ca\/wp-json\/wp\/v2\/users\/1"}],"replies":[{"embeddable":true,"href":"https:\/\/puntimmobiliari.es\/ca\/wp-json\/wp\/v2\/comments?post=21114"}],"version-history":[{"count":3,"href":"https:\/\/puntimmobiliari.es\/ca\/wp-json\/wp\/v2\/pages\/21114\/revisions"}],"predecessor-version":[{"id":21659,"href":"https:\/\/puntimmobiliari.es\/ca\/wp-json\/wp\/v2\/pages\/21114\/revisions\/21659"}],"wp:attachment":[{"href":"https:\/\/puntimmobiliari.es\/ca\/wp-json\/wp\/v2\/media?parent=21114"}],"curies":[{"name":"wp","href":"https:\/\/api.w.org\/{rel}","templated":true}]}}