{"id":21118,"date":"2024-12-14T07:32:41","date_gmt":"2024-12-14T06:32:41","guid":{"rendered":"https:\/\/puntimmobiliari.es\/politica-de-privacidad\/"},"modified":"2025-04-15T16:33:08","modified_gmt":"2025-04-15T14:33:08","slug":"politica-de-privadesa","status":"publish","type":"page","link":"https:\/\/puntimmobiliari.es\/ca\/politica-de-privadesa\/","title":{"rendered":"Pol\u00edtica de privadesa"},"content":{"rendered":"<h3 class=\"\" data-start=\"285\" data-end=\"320\">POL\u00cdTICA DE PROTECCI\u00d3N DE DATOS<\/h3>\n<p class=\"\" data-start=\"322\" data-end=\"620\">En cumplimiento de la Ley 34\/2002 (LSSICE) y del Reglamento (UE) 2016\/679 del Parlamento Europeo y del Consejo, de 27 de abril de 2016, relativo a la protecci\u00f3n de las personas f\u00edsicas en lo que respecta al tratamiento de datos personales y a la libre circulaci\u00f3n de estos datos, le informamos que:<\/p>\n<p class=\"\" data-start=\"622\" data-end=\"876\">El uso de nuestro sitio web no requiere, por norma general, el suministro de datos personales. En caso de que se soliciten datos personales (como nombre, direcci\u00f3n o correo electr\u00f3nico), el suministro ser\u00e1, en la medida de lo posible, siempre voluntario.<\/p>\n<p class=\"\" data-start=\"878\" data-end=\"1094\">A continuaci\u00f3n, le informamos cu\u00e1ndo recogemos datos, qui\u00e9n es el responsable, la legitimaci\u00f3n de dicha recogida, para qu\u00e9 los utilizamos, qu\u00e9 hacemos con ellos, c\u00f3mo los protegemos y c\u00f3mo puede ejercer sus derechos.<\/p>\n<p class=\"\" data-start=\"1096\" data-end=\"1297\"><strong data-start=\"1096\" data-end=\"1117\">Lo m\u00e1s importante<\/strong>: No compartimos, vendemos ni alquilamos su informaci\u00f3n personal con terceros, salvo con proveedores de servicios autorizados y necesarios para la prestaci\u00f3n de nuestros servicios.<\/p>\n<hr class=\"\" data-start=\"1299\" data-end=\"1302\" \/>\n<h3 class=\"\" data-start=\"1304\" data-end=\"1338\">1. Responsable del tratamiento<\/h3>\n<p class=\"\" data-start=\"1340\" data-end=\"1536\"><strong data-start=\"1340\" data-end=\"1352\">Titular:<\/strong> JOSE MANUEL CHAFER DESCALS<br data-start=\"1379\" data-end=\"1382\" \/><strong data-start=\"1382\" data-end=\"1390\">NIF:<\/strong> 20423088P<br data-start=\"1400\" data-end=\"1403\" \/><strong data-start=\"1403\" data-end=\"1417\">Direcci\u00f3n:<\/strong> Portal de Sant Francesc, 10 entresuelo, 46800 X\u00e0tiva<br data-start=\"1470\" data-end=\"1473\" \/><strong data-start=\"1473\" data-end=\"1487\">Sitio web:<\/strong> <a class=\"\" href=\"https:\/\/puntimmobiliari.es\/ca\/\" target=\"_new\" rel=\"noopener\" data-start=\"1488\" data-end=\"1536\">puntimmobiliari.es<\/a><\/p>\n<hr class=\"\" data-start=\"1538\" data-end=\"1541\" \/>\n<h3 class=\"\" data-start=\"1543\" data-end=\"1573\">2. \u00bfC\u00f3mo usamos tus datos?<\/h3>\n<p class=\"\" data-start=\"1575\" data-end=\"1668\">Usamos sus datos personales en funci\u00f3n de su relaci\u00f3n con nosotros. Las finalidades incluyen:<\/p>\n<ul data-start=\"1670\" data-end=\"1917\">\n<li class=\"\" data-start=\"1670\" data-end=\"1707\">\n<p class=\"\" data-start=\"1672\" data-end=\"1707\">Gestionar su relaci\u00f3n como cliente.<\/p>\n<\/li>\n<li class=\"\" data-start=\"1708\" data-end=\"1740\">\n<p class=\"\" data-start=\"1710\" data-end=\"1740\">Prestar servicios contratados.<\/p>\n<\/li>\n<li class=\"\" data-start=\"1741\" data-end=\"1768\">\n<p class=\"\" data-start=\"1743\" data-end=\"1768\">Gestionar la facturaci\u00f3n.<\/p>\n<\/li>\n<li class=\"\" data-start=\"1769\" data-end=\"1817\">\n<p class=\"\" data-start=\"1771\" data-end=\"1817\">Enviar comunicaciones t\u00e9cnicas o informativas.<\/p>\n<\/li>\n<li class=\"\" data-start=\"1818\" data-end=\"1856\">\n<p class=\"\" data-start=\"1820\" data-end=\"1856\">Responder a consultas o solicitudes.<\/p>\n<\/li>\n<li class=\"\" data-start=\"1857\" data-end=\"1917\">\n<p class=\"\" data-start=\"1859\" data-end=\"1917\">Enviar comunicaciones comerciales (con su consentimiento).<\/p>\n<\/li>\n<\/ul>\n<h4 class=\"\" data-start=\"1919\" data-end=\"1995\"><strong data-start=\"1924\" data-end=\"1995\">Sistemas de captura de datos, legitimaci\u00f3n y plazo de conservaci\u00f3n:<\/strong><\/h4>\n<p class=\"\" data-start=\"1997\" data-end=\"2190\"><strong data-start=\"1997\" data-end=\"2027\">a) Formulario de contacto:<\/strong><br data-start=\"2027\" data-end=\"2030\" \/>Finalidad: Responder consultas o solicitudes.<br data-start=\"2075\" data-end=\"2078\" \/>Base legal: Consentimiento del interesado.<br data-start=\"2120\" data-end=\"2123\" \/>Conservaci\u00f3n: Eliminaci\u00f3n a los 7 d\u00edas tras la \u00faltima comunicaci\u00f3n.<\/p>\n<p class=\"\" data-start=\"2192\" data-end=\"2339\"><strong data-start=\"2192\" data-end=\"2219\">b) Registro de usuario:<\/strong><br data-start=\"2219\" data-end=\"2222\" \/>Finalidad: Acceso a zonas privadas.<br data-start=\"2257\" data-end=\"2260\" \/>Base legal: Consentimiento.<br data-start=\"2287\" data-end=\"2290\" \/>Conservaci\u00f3n: Hasta que el usuario se d\u00e9 de baja.<\/p>\n<p class=\"\" data-start=\"2341\" data-end=\"2518\"><strong data-start=\"2341\" data-end=\"2374\">c) Contrataci\u00f3n de servicios:<\/strong><br data-start=\"2374\" data-end=\"2377\" \/>Finalidad: Gesti\u00f3n administrativa y comercial.<br data-start=\"2423\" data-end=\"2426\" \/>Base legal: Relaci\u00f3n contractual.<br data-start=\"2459\" data-end=\"2462\" \/>Conservaci\u00f3n: 6 a\u00f1os desde la finalizaci\u00f3n del contrato.<\/p>\n<p class=\"\" data-start=\"2520\" data-end=\"2689\"><strong data-start=\"2520\" data-end=\"2568\">d) Suscripci\u00f3n a comunicaciones comerciales:<\/strong><br data-start=\"2568\" data-end=\"2571\" \/>Finalidad: Env\u00edo de promociones, noticias, etc.<br data-start=\"2618\" data-end=\"2621\" \/>Base legal: Consentimiento.<br data-start=\"2648\" data-end=\"2651\" \/>Conservaci\u00f3n: Hasta solicitud de baja.<\/p>\n<hr class=\"\" data-start=\"2691\" data-end=\"2694\" \/>\n<h3 class=\"\" data-start=\"2696\" data-end=\"2717\">3. Uso de Cookies<\/h3>\n<p class=\"\" data-start=\"2719\" data-end=\"2862\">Usamos cookies para mejorar la experiencia del usuario y analizar el tr\u00e1fico web. Para m\u00e1s informaci\u00f3n, consulte nuestra [Pol\u00edtica de Cookies].<\/p>\n<p class=\"\" data-start=\"2864\" data-end=\"3004\">Plataformas de rastreo utilizadas:<br data-start=\"2898\" data-end=\"2901\" \/><strong data-start=\"2901\" data-end=\"2921\">Google Analytics<\/strong> (anal\u00edtica web)<br data-start=\"2937\" data-end=\"2940\" \/><strong data-start=\"2940\" data-end=\"2952\">Facebook<\/strong>, <strong data-start=\"2954\" data-end=\"2967\">Instagram<\/strong>, <strong data-start=\"2969\" data-end=\"2980\">YouTube<\/strong> (social media tracking)<\/p>\n<hr class=\"\" data-start=\"3006\" data-end=\"3009\" \/>\n<h3 class=\"\" data-start=\"3011\" data-end=\"3041\">4. \u00bfQu\u00e9 datos recopilamos?<\/h3>\n<p class=\"\" data-start=\"3043\" data-end=\"3098\">Dependiendo del formulario o acci\u00f3n, podemos recopilar:<\/p>\n<ul data-start=\"3100\" data-end=\"3273\">\n<li class=\"\" data-start=\"3100\" data-end=\"3121\">\n<p class=\"\" data-start=\"3102\" data-end=\"3121\">Nombre y apellidos.<\/p>\n<\/li>\n<li class=\"\" data-start=\"3122\" data-end=\"3130\">\n<p class=\"\" data-start=\"3124\" data-end=\"3130\">Email.<\/p>\n<\/li>\n<li class=\"\" data-start=\"3131\" data-end=\"3142\">\n<p class=\"\" data-start=\"3133\" data-end=\"3142\">Tel\u00e9fono.<\/p>\n<\/li>\n<li class=\"\" data-start=\"3143\" data-end=\"3162\">\n<p class=\"\" data-start=\"3145\" data-end=\"3162\">Direcci\u00f3n postal.<\/p>\n<\/li>\n<li class=\"\" data-start=\"3163\" data-end=\"3216\">\n<p class=\"\" data-start=\"3165\" data-end=\"3216\">NIF\/CIF, datos bancarios (en caso de contrataci\u00f3n).<\/p>\n<\/li>\n<li class=\"\" data-start=\"3217\" data-end=\"3232\">\n<p class=\"\" data-start=\"3219\" data-end=\"3232\">Direcci\u00f3n IP.<\/p>\n<\/li>\n<li class=\"\" data-start=\"3233\" data-end=\"3273\">\n<p class=\"\" data-start=\"3235\" data-end=\"3273\">Informaci\u00f3n del navegador\/dispositivo.<\/p>\n<\/li>\n<\/ul>\n<hr class=\"\" data-start=\"3275\" data-end=\"3278\" \/>\n<h3 class=\"\" data-start=\"3280\" data-end=\"3307\">5. Medidas de seguridad<\/h3>\n<p class=\"\" data-start=\"3309\" data-end=\"3480\"><strong data-start=\"3309\" data-end=\"3331\">puntimmobiliari.es<\/strong> aplica medidas t\u00e9cnicas y organizativas para garantizar la seguridad, integridad y confidencialidad de sus datos personales, cumpliendo con el RGPD.<\/p>\n<hr class=\"\" data-start=\"3482\" data-end=\"3485\" \/>\n<h3 class=\"\" data-start=\"3487\" data-end=\"3514\">6. Derechos del usuario<\/h3>\n<p class=\"\" data-start=\"3516\" data-end=\"3546\">Puede ejercer sus derechos de:<\/p>\n<ul data-start=\"3548\" data-end=\"3654\">\n<li class=\"\" data-start=\"3548\" data-end=\"3556\">\n<p class=\"\" data-start=\"3550\" data-end=\"3556\">Acceso<\/p>\n<\/li>\n<li class=\"\" data-start=\"3557\" data-end=\"3572\">\n<p class=\"\" data-start=\"3559\" data-end=\"3572\">Rectificaci\u00f3n<\/p>\n<\/li>\n<li class=\"\" data-start=\"3573\" data-end=\"3584\">\n<p class=\"\" data-start=\"3575\" data-end=\"3584\">Supresi\u00f3n<\/p>\n<\/li>\n<li class=\"\" data-start=\"3585\" data-end=\"3597\">\n<p class=\"\" data-start=\"3587\" data-end=\"3597\">Limitaci\u00f3n<\/p>\n<\/li>\n<li class=\"\" data-start=\"3598\" data-end=\"3609\">\n<p class=\"\" data-start=\"3600\" data-end=\"3609\">Oposici\u00f3n<\/p>\n<\/li>\n<li class=\"\" data-start=\"3610\" data-end=\"3624\">\n<p class=\"\" data-start=\"3612\" data-end=\"3624\">Portabilidad<\/p>\n<\/li>\n<li class=\"\" data-start=\"3625\" data-end=\"3654\">\n<p class=\"\" data-start=\"3627\" data-end=\"3654\">Retirada del consentimiento<\/p>\n<\/li>\n<\/ul>\n<p class=\"\" data-start=\"3656\" data-end=\"3696\"><strong data-start=\"3656\" data-end=\"3696\">Contacto para ejercicio de derechos:<\/strong><\/p>\n<ul data-start=\"3697\" data-end=\"3867\">\n<li class=\"\" data-start=\"3697\" data-end=\"3731\">\n<p class=\"\" data-start=\"3699\" data-end=\"3731\">Email: <a rel=\"noopener\" data-start=\"3706\" data-end=\"3729\">info@puntimmobiliari.es<\/a><\/p>\n<\/li>\n<li class=\"\" data-start=\"3732\" data-end=\"3867\">\n<p class=\"\" data-start=\"3734\" data-end=\"3867\">Correo postal: Portal de Sant Francesc, 10 entresuelo, 46800 X\u00e0tiva<br data-start=\"3801\" data-end=\"3804\" \/>(Solicitud firmada con copia de DNI o documento identificativo)<\/p>\n<\/li>\n<\/ul>\n<hr class=\"\" data-start=\"3869\" data-end=\"3872\" \/>\n<h3 class=\"\" data-start=\"3874\" data-end=\"3914\">7. Comunicaci\u00f3n y acceso a sus datos<\/h3>\n<p class=\"\" data-start=\"3916\" data-end=\"3951\">Sus datos pueden ser comunicados a:<\/p>\n<ul data-start=\"3953\" data-end=\"4259\">\n<li class=\"\" data-start=\"3953\" data-end=\"4043\">\n<p class=\"\" data-start=\"3955\" data-end=\"4043\">Administraciones p\u00fablicas, jueces, tribunales y otras autoridades en cumplimiento legal.<\/p>\n<\/li>\n<li class=\"\" data-start=\"4044\" data-end=\"4259\">\n<p class=\"\" data-start=\"4046\" data-end=\"4100\">Terceros necesarios para la prestaci\u00f3n del servicio:<\/p>\n<ul data-start=\"4103\" data-end=\"4259\">\n<li class=\"\" data-start=\"4103\" data-end=\"4168\">\n<p class=\"\" data-start=\"4105\" data-end=\"4168\">Proveedor de hosting: ZONADEWEB \u2013 Juan Vicente Navarro Garc\u00eda<\/p>\n<\/li>\n<li class=\"\" data-start=\"4171\" data-end=\"4209\">\n<p class=\"\" data-start=\"4173\" data-end=\"4209\">Asesor\u00eda administrativa y contable<\/p>\n<\/li>\n<li class=\"\" data-start=\"4212\" data-end=\"4259\">\n<p class=\"\" data-start=\"4214\" data-end=\"4259\">Servicios de marketing, web, correo y soporte<\/p>\n<\/li>\n<\/ul>\n<\/li>\n<\/ul>\n<p class=\"\" data-start=\"4261\" data-end=\"4384\">Todos los terceros act\u00faan como <strong data-start=\"4292\" data-end=\"4322\">Encargados del Tratamiento<\/strong>, con contratos de confidencialidad y uso espec\u00edfico de datos.<\/p>\n<hr class=\"\" data-start=\"4386\" data-end=\"4389\" \/>\n<h3 class=\"\" data-start=\"4391\" data-end=\"4423\">8. Redes sociales y terceros<\/h3>\n<p class=\"\" data-start=\"4425\" data-end=\"4580\">El uso de botones sociales (como &#8220;Me gusta&#8221; de Facebook) puede generar cookies. Consulte las pol\u00edticas de cada red social para conocer el uso de sus datos:<\/p>\n<ul data-start=\"4582\" data-end=\"4810\">\n<li class=\"\" data-start=\"4582\" data-end=\"4642\">\n<p class=\"\" data-start=\"4584\" data-end=\"4642\"><a class=\"\" href=\"https:\/\/www.facebook.com\/help\/323540651073243\/\" target=\"_new\" rel=\"noopener\" data-start=\"4584\" data-end=\"4642\">Facebook<\/a><\/p>\n<\/li>\n<li class=\"\" data-start=\"4643\" data-end=\"4711\">\n<p class=\"\" data-start=\"4645\" data-end=\"4711\"><a class=\"\" href=\"http:\/\/www.google.es\/intl\/es\/policies\/privacy\/\" target=\"_new\" rel=\"noopener\" data-start=\"4645\" data-end=\"4711\">YouTube \/ Google<\/a><\/p>\n<\/li>\n<li class=\"\" data-start=\"4712\" data-end=\"4769\">\n<p class=\"\" data-start=\"4714\" data-end=\"4769\"><a class=\"\" href=\"https:\/\/help.instagram.com\/155833707900388\" target=\"_new\" rel=\"noopener\" data-start=\"4714\" data-end=\"4769\">Instagram<\/a><\/p>\n<\/li>\n<li class=\"\" data-start=\"4770\" data-end=\"4810\">\n<p class=\"\" data-start=\"4772\" data-end=\"4810\"><a class=\"\" href=\"https:\/\/twitter.com\/privacy\" target=\"_new\" rel=\"noopener\" data-start=\"4772\" data-end=\"4810\">Twitter<\/a><\/p>\n<\/li>\n<\/ul>\n<hr class=\"\" data-start=\"4812\" data-end=\"4815\" \/>\n<h3 class=\"\" data-start=\"4817\" data-end=\"4866\">9. Aceptaci\u00f3n y revocaci\u00f3n del consentimiento<\/h3>\n<p class=\"\" data-start=\"4868\" data-end=\"5069\">Al facilitar sus datos, acepta expresamente esta pol\u00edtica y el tratamiento de los mismos seg\u00fan las finalidades indicadas. Puede revocar su consentimiento en cualquier momento, sin efectos retroactivos.<\/p>\n<hr class=\"\" data-start=\"5071\" data-end=\"5074\" \/>\n<h3 class=\"\" data-start=\"5076\" data-end=\"5120\">10. Cambios en la pol\u00edtica de privacidad<\/h3>\n<p class=\"\" data-start=\"5122\" data-end=\"5315\"><strong data-start=\"5122\" data-end=\"5144\">puntimmobiliari.es<\/strong> se reserva el derecho de modificar esta pol\u00edtica para adaptarla a novedades legislativas o cambios en la actividad. Los cambios ser\u00e1n publicados con antelaci\u00f3n razonable.<\/p>\n","protected":false},"excerpt":{"rendered":"<p>POL\u00cdTICA DE PROTECCI\u00d3N DE DATOS En cumplimiento de la Ley&hellip; <a class=\"continue\" href=\"https:\/\/puntimmobiliari.es\/ca\/politica-de-privadesa\/\">Continuar<span> Pol\u00edtica de privadesa<\/span><\/a><\/p>\n","protected":false},"author":1,"featured_media":0,"parent":0,"menu_order":0,"comment_status":"closed","ping_status":"closed","template":"","meta":{"footnotes":""},"class_list":["post-21118","page","type-page","status-publish","hentry"],"acf":[],"yoast_head":"<!-- This site is optimized with the Yoast SEO plugin v24.7 - https:\/\/yoast.com\/wordpress\/plugins\/seo\/ -->\n<title>Pol\u00edtica de Privadesa - Punt Immobiliari<\/title>\n<meta name=\"description\" content=\"Descobreix com protegim la teva informaci\u00f3 a Punt Immobiliari. Coneix les nostres pr\u00e0ctiques de privadesa.\" \/>\n<meta name=\"robots\" content=\"index, follow, max-snippet:-1, max-image-preview:large, max-video-preview:-1\" \/>\n<link rel=\"canonical\" href=\"https:\/\/puntimmobiliari.es\/ca\/politica-de-privadesa\/\" \/>\n<meta property=\"og:locale\" content=\"ca_ES\" \/>\n<meta property=\"og:type\" content=\"article\" \/>\n<meta property=\"og:title\" content=\"Pol\u00edtica de Privadesa - Punt Immobiliari\" \/>\n<meta property=\"og:description\" content=\"Descobreix com protegim la teva informaci\u00f3 a Punt Immobiliari. Coneix les nostres pr\u00e0ctiques de privadesa.\" \/>\n<meta property=\"og:url\" content=\"https:\/\/puntimmobiliari.es\/ca\/politica-de-privadesa\/\" \/>\n<meta property=\"og:site_name\" content=\"Jose Manuel Chafer Descals\" \/>\n<meta property=\"article:modified_time\" content=\"2025-04-15T14:33:08+00:00\" \/>\n<meta name=\"twitter:card\" content=\"summary_large_image\" \/>\n<meta name=\"twitter:label1\" content=\"Temps estimat de lectura\" \/>\n\t<meta name=\"twitter:data1\" content=\"11 minuts\" \/>\n<!-- \/ Yoast SEO plugin. -->","yoast_head_json":{"title":"Pol\u00edtica de Privadesa - Punt Immobiliari","description":"Descobreix com protegim la teva informaci\u00f3 a Punt Immobiliari. Coneix les nostres pr\u00e0ctiques de privadesa.","robots":{"index":"index","follow":"follow","max-snippet":"max-snippet:-1","max-image-preview":"max-image-preview:large","max-video-preview":"max-video-preview:-1"},"canonical":"https:\/\/puntimmobiliari.es\/ca\/politica-de-privadesa\/","og_locale":"ca_ES","og_type":"article","og_title":"Pol\u00edtica de Privadesa - Punt Immobiliari","og_description":"Descobreix com protegim la teva informaci\u00f3 a Punt Immobiliari. Coneix les nostres pr\u00e0ctiques de privadesa.","og_url":"https:\/\/puntimmobiliari.es\/ca\/politica-de-privadesa\/","og_site_name":"Jose Manuel Chafer Descals","article_modified_time":"2025-04-15T14:33:08+00:00","twitter_card":"summary_large_image","twitter_misc":{"Temps estimat de lectura":"11 minuts"},"schema":{"@context":"https:\/\/schema.org","@graph":[{"@type":"WebPage","@id":"https:\/\/puntimmobiliari.es\/ca\/politica-de-privadesa\/","url":"https:\/\/puntimmobiliari.es\/ca\/politica-de-privadesa\/","name":"Pol\u00edtica de Privadesa - Punt Immobiliari","isPartOf":{"@id":"https:\/\/puntimmobiliari.es\/#website"},"datePublished":"2024-12-14T06:32:41+00:00","dateModified":"2025-04-15T14:33:08+00:00","description":"Descobreix com protegim la teva informaci\u00f3 a Punt Immobiliari. Coneix les nostres pr\u00e0ctiques de privadesa.","breadcrumb":{"@id":"https:\/\/puntimmobiliari.es\/ca\/politica-de-privadesa\/#breadcrumb"},"inLanguage":"ca","potentialAction":[{"@type":"ReadAction","target":["https:\/\/puntimmobiliari.es\/ca\/politica-de-privadesa\/"]}]},{"@type":"BreadcrumbList","@id":"https:\/\/puntimmobiliari.es\/ca\/politica-de-privadesa\/#breadcrumb","itemListElement":[{"@type":"ListItem","position":1,"name":"Portada","item":"https:\/\/puntimmobiliari.es\/ca\/"},{"@type":"ListItem","position":2,"name":"Pol\u00edtica de privadesa"}]},{"@type":"WebSite","@id":"https:\/\/puntimmobiliari.es\/#website","url":"https:\/\/puntimmobiliari.es\/","name":"Jose Manuel Chafer Descals","description":"Inmobiliaria Xativa","potentialAction":[{"@type":"SearchAction","target":{"@type":"EntryPoint","urlTemplate":"https:\/\/puntimmobiliari.es\/?s={search_term_string}"},"query-input":{"@type":"PropertyValueSpecification","valueRequired":true,"valueName":"search_term_string"}}],"inLanguage":"ca"}]}},"_links":{"self":[{"href":"https:\/\/puntimmobiliari.es\/ca\/wp-json\/wp\/v2\/pages\/21118","targetHints":{"allow":["GET"]}}],"collection":[{"href":"https:\/\/puntimmobiliari.es\/ca\/wp-json\/wp\/v2\/pages"}],"about":[{"href":"https:\/\/puntimmobiliari.es\/ca\/wp-json\/wp\/v2\/types\/page"}],"author":[{"embeddable":true,"href":"https:\/\/puntimmobiliari.es\/ca\/wp-json\/wp\/v2\/users\/1"}],"replies":[{"embeddable":true,"href":"https:\/\/puntimmobiliari.es\/ca\/wp-json\/wp\/v2\/comments?post=21118"}],"version-history":[{"count":2,"href":"https:\/\/puntimmobiliari.es\/ca\/wp-json\/wp\/v2\/pages\/21118\/revisions"}],"predecessor-version":[{"id":22151,"href":"https:\/\/puntimmobiliari.es\/ca\/wp-json\/wp\/v2\/pages\/21118\/revisions\/22151"}],"wp:attachment":[{"href":"https:\/\/puntimmobiliari.es\/ca\/wp-json\/wp\/v2\/media?parent=21118"}],"curies":[{"name":"wp","href":"https:\/\/api.w.org\/{rel}","templated":true}]}}